{"id":436,"date":"2012-01-26T12:14:21","date_gmt":"2012-01-26T12:14:21","guid":{"rendered":"http:\/\/www.mycielewo.interman.com.pl\/?page_id=436"},"modified":"2024-03-04T11:48:26","modified_gmt":"2024-03-04T11:48:26","slug":"sport","status":"publish","type":"page","link":"https:\/\/mycielewo.pl\/?page_id=436","title":{"rendered":"Sport2011-2012"},"content":{"rendered":"<p><strong>Turniej mini pi\u0142ki r\u0119cznej dziewcz\u0105t klas IV<\/strong><\/p>\n<p style=\"text-align: left;\">Dnia 31.03.2012 r. dziewcz\u0119ta z klasy czwartej uczestniczy\u0142y w silnie obsadzonym I Turnieju Mini Pi\u0142ki R\u0119cznej o Puchar Dyrektora Szko\u0142y Podstawowej nr 1 w Szubinie. W zawodach, poza nasz\u0105 szko\u0142\u0105, uczestniczy\u0142y dru\u017cyny z Gniezna, D\u0105browy Che\u0142mi\u0144skiej, Szubina, Dziewierzewa.<br \/>\nDziewcz\u0119tom nie uda\u0142o si\u0119 wygra\u0107 \u017cadnego meczu i zaj\u0119\u0142y V miejsce. By\u0142a to jednak bardzo dobra lekcja na przysz\u0142o\u015b\u0107 i miejmy nadziej\u0119, \u017ce w kolejnych turniejach b\u0119dzie tylko lepiej.<br \/>\nBardzo du\u017cy sukces indywidualny odnios\u0142a<strong> Klaudia Zych<\/strong>, kt\u00f3ra przez wi\u0119kszo\u015b\u0107 opiekun\u00f3w wybrana zosta\u0142a najlepsz\u0105 bramkark\u0105 turnieju.<br \/>\nNajlepsz\u0105 zawodniczk\u0105 w naszej dru\u017cynie zosta\u0142a <strong>Klaudia Czechowska<\/strong>. Sk\u0142ad dru\u017cyny:<strong> K. Czechowska, K. Zych, I. Obszy\u0144ska, K. Pietrzakowska, J. Winkowska, Z. Mlicka, K. B\u0142ochowiak, R. Jakubowska.<\/strong> Opiekun: <strong>A. Kulczy\u0144ski.<\/strong><\/p>\n<div id='gallery-1' class='gallery galleryid-436 gallery-columns-3 gallery-size-thumbnail'><figure class='gallery-item'>\n\t\t\t<div class='gallery-icon landscape'>\n\t\t\t\t<a href='https:\/\/mycielewo.pl\/wp-content\/uploads\/2012\/01\/138.jpg'><img loading=\"lazy\" decoding=\"async\" width=\"60\" height=\"60\" src=\"https:\/\/mycielewo.pl\/wp-content\/uploads\/2012\/01\/138-60x60.jpg\" class=\"attachment-thumbnail size-thumbnail\" alt=\"\" \/><\/a>\n\t\t\t<\/div><\/figure><figure class='gallery-item'>\n\t\t\t<div class='gallery-icon landscape'>\n\t\t\t\t<a href='https:\/\/mycielewo.pl\/wp-content\/uploads\/2012\/01\/229.jpg'><img loading=\"lazy\" decoding=\"async\" width=\"60\" height=\"60\" src=\"https:\/\/mycielewo.pl\/wp-content\/uploads\/2012\/01\/229-60x60.jpg\" class=\"attachment-thumbnail size-thumbnail\" alt=\"\" \/><\/a>\n\t\t\t<\/div><\/figure>\n\t\t<\/div>\n\n<p style=\"text-align: right;\"><em>Fot. A.Ryska<\/em><\/p>\n<ul>\n<li>\n<address><a href=\"http:\/\/mycielewo.pl\/?p=3588\">II m. w Czw\u00f3rboju Lekkoatletycznym 2012 r. <\/a><\/address>\n<\/li>\n<li>\n<address><a href=\"http:\/\/mycielewo.pl\/?p=3603\">Czwartki lekkoatletyczne 2011\/2012 \u2013 Marcin Stypczy\u0144ski i Klaudia Czechowska wystartuj\u0105 w Finale Og\u00f3lnopolskim!!<\/a><\/address>\n<\/li>\n<li>\n<address><a href=\"http:\/\/mycielewo.pl\/?p=3614\">Mistrzostwa Powiatu w LA Szk\u00f3\u0142 Gimnazjalnych 2012 r.<\/a><\/address>\n<\/li>\n<li>\n<address><a title=\"Permalink to XV Turniej \u201eLechpol-cup\u201d 2012\" href=\"..\/?p=2326\" rel=\"bookmark\">XV Turniej \u201eLechpol-cup\u201d 2012<\/a><\/address>\n<\/li>\n<li>\n<address><a title=\"Permalink to I miejsce Gimnazjadzie LA 2012\" href=\"..\/?p=1998\" rel=\"bookmark\">I miejsce Gimnazjadzie LA 2012<\/a><\/address>\n<\/li>\n<li>\n<address><a title=\"Tr\u00f3jb\u00f3j Lekkoatletyczny 2012 r\" href=\"http:\/\/mycielewo.pl\/?p=1681\">Tr\u00f3jb\u00f3j Lekkoatletyczny 2012 r<\/a><\/address>\n<\/li>\n<\/ul>\n","protected":false},"excerpt":{"rendered":"<p>Turniej mini pi\u0142ki r\u0119cznej dziewcz\u0105t klas IV Dnia 31.03.2012 r. dziewcz\u0119ta z klasy czwartej uczestniczy\u0142y w silnie obsadzonym I Turnieju Mini Pi\u0142ki R\u0119cznej o Puchar Dyrektora Szko\u0142y Podstawowej nr 1 w Szubinie. W zawodach, poza nasz\u0105 szko\u0142\u0105, uczestniczy\u0142y dru\u017cyny z Gniezna, D\u0105browy Che\u0142mi\u0144skiej, Szubina, Dziewierzewa. Dziewcz\u0119tom nie uda\u0142o si\u0119 wygra\u0107 \u017cadnego meczu i zaj\u0119\u0142y V&hellip; <a class=\"continue\" href=\"https:\/\/mycielewo.pl\/?page_id=436\">Kontynuuj czytanie<span> Sport2011-2012<\/span><\/a><\/p>\n","protected":false},"author":1,"featured_media":0,"parent":0,"menu_order":0,"comment_status":"open","ping_status":"open","template":"","meta":{"footnotes":""},"class_list":["post-436","page","type-page","status-publish","hentry"],"_links":{"self":[{"href":"https:\/\/mycielewo.pl\/index.php?rest_route=\/wp\/v2\/pages\/436","targetHints":{"allow":["GET"]}}],"collection":[{"href":"https:\/\/mycielewo.pl\/index.php?rest_route=\/wp\/v2\/pages"}],"about":[{"href":"https:\/\/mycielewo.pl\/index.php?rest_route=\/wp\/v2\/types\/page"}],"author":[{"embeddable":true,"href":"https:\/\/mycielewo.pl\/index.php?rest_route=\/wp\/v2\/users\/1"}],"replies":[{"embeddable":true,"href":"https:\/\/mycielewo.pl\/index.php?rest_route=%2Fwp%2Fv2%2Fcomments&post=436"}],"version-history":[{"count":18,"href":"https:\/\/mycielewo.pl\/index.php?rest_route=\/wp\/v2\/pages\/436\/revisions"}],"predecessor-version":[{"id":41888,"href":"https:\/\/mycielewo.pl\/index.php?rest_route=\/wp\/v2\/pages\/436\/revisions\/41888"}],"wp:attachment":[{"href":"https:\/\/mycielewo.pl\/index.php?rest_route=%2Fwp%2Fv2%2Fmedia&parent=436"}],"curies":[{"name":"wp","href":"https:\/\/api.w.org\/{rel}","templated":true}]}}